{"id":5242,"date":"2024-06-10T14:42:35","date_gmt":"2024-06-10T12:42:35","guid":{"rendered":"https:\/\/accoppiaturasamuel.com\/storia\/"},"modified":"2025-11-12T11:33:59","modified_gmt":"2025-11-12T10:33:59","slug":"histoire","status":"publish","type":"page","link":"https:\/\/accoppiaturasamuel.com\/fr\/histoire\/","title":{"rendered":"Histoire"},"content":{"rendered":"<section class=\"wpb-content-wrapper\"><p>[vc_row fullwidth=\u00a0\u00bbhas-fullwidth-column-no-padding\u00a0\u00bb bg_color=\u00a0\u00bb#313647&Prime; el_id=\u00a0\u00bbbg-slide\u00a0\u00bb][vc_column offset=\u00a0\u00bbvc_hidden-lg vc_hidden-md vc_hidden-sm vc_hidden-xs\u00a0\u00bb][\/vc_column][\/vc_row][vc_row fullwidth=\u00a0\u00bbhas-fullwidth-column-no-padding\u00a0\u00bb bg_choice=\u00a0\u00bb2&Prime; el_class=\u00a0\u00bbslide\u00a0\u00bb el_id=\u00a0\u00bbfirst-section\u00a0\u00bb][vc_column]\n\t\t\t<!-- START storia FR REVOLUTION SLIDER 6.6.8 --><p class=\"rs-p-wp-fix\"><\/p>\n\t\t\t<rs-module-wrap id=\"rev_slider_28_1_wrapper\" data-source=\"gallery\" style=\"visibility:hidden;background:transparent;padding:0;margin:0px auto;margin-top:0;margin-bottom:0;\">\n\t\t\t\t<rs-module id=\"rev_slider_28_1\" style=\"\" data-version=\"6.6.8\">\n\t\t\t\t\t<rs-slides style=\"overflow: hidden; position: absolute;\">\n\t\t\t\t\t\t<rs-slide style=\"position: absolute;\" data-key=\"rs-57\" data-title=\"Slide\" data-anim=\"r:0;\" data-in=\"x:100%;\">\n\t\t\t\t\t\t\t<img decoding=\"async\" src=\"\/\/accoppiaturasamuel.com\/wp-content\/plugins\/revslider\/public\/assets\/assets\/dummy.png\" alt=\"\" title=\"_DSC4041\" width=\"1920\" height=\"1280\" class=\"rev-slidebg tp-rs-img rs-lazyload\" data-lazyload=\"\/\/accoppiaturasamuel.com\/wp-content\/uploads\/2018\/06\/DSC4041.jpg\" data-no-retina>\n<!--\n\t\t\t\t\t\t\t--><rs-layer\n\t\t\t\t\t\t\t\tid=\"slider-28-slide-57-layer-1\" \n\t\t\t\t\t\t\t\tdata-type=\"text\"\n\t\t\t\t\t\t\t\tdata-rsp_ch=\"on\"\n\t\t\t\t\t\t\t\tdata-xy=\"x:c;y:m;yo:61px,61px,61px,90px;\"\n\t\t\t\t\t\t\t\tdata-text=\"w:normal,normal,normal,normal;s:36,36,36,30;l:40,40,40,34;a:center;\"\n\t\t\t\t\t\t\t\tdata-dim=\"w:926px,926px,926px,366px;h:140px,140px,140px,292px;\"\n\t\t\t\t\t\t\t\tdata-vbility=\"t,t,f,t\"\n\t\t\t\t\t\t\t\tdata-frame_0=\"x:100%;o:1;\"\n\t\t\t\t\t\t\t\tdata-frame_0_mask=\"u:t;\"\n\t\t\t\t\t\t\t\tdata-frame_1=\"st:1080;sp:800;sR:1080;\"\n\t\t\t\t\t\t\t\tdata-frame_1_mask=\"u:t;\"\n\t\t\t\t\t\t\t\tdata-frame_999=\"o:0;st:w;sR:7120;\"\n\t\t\t\t\t\t\t\tstyle=\"z-index:5;font-family:'Amiri';\"\n\t\t\t\t\t\t\t>Depuis 40 ans, Samuel Accoppiatura Sartoriale:<br \/>\nEntre ma\u00eetrise artisanale et innovation. \n\t\t\t\t\t\t\t<\/rs-layer><!--\n\n\t\t\t\t\t\t\t--><h1\n\t\t\t\t\t\t\t\tid=\"slider-28-slide-57-layer-3\" \n\t\t\t\t\t\t\t\tclass=\"rs-layer\"\n\t\t\t\t\t\t\t\tdata-type=\"text\"\n\t\t\t\t\t\t\t\tdata-rsp_ch=\"on\"\n\t\t\t\t\t\t\t\tdata-xy=\"x:c;y:m;yo:-60px,-60px,-60px,-120px;\"\n\t\t\t\t\t\t\t\tdata-text=\"s:40;l:44;a:inherit;\"\n\t\t\t\t\t\t\t\tdata-vbility=\"t,t,f,t\"\n\t\t\t\t\t\t\t\tdata-frame_0=\"x:-100%;o:1;\"\n\t\t\t\t\t\t\t\tdata-frame_0_mask=\"u:t;\"\n\t\t\t\t\t\t\t\tdata-frame_1=\"st:760;sp:600;sR:760;\"\n\t\t\t\t\t\t\t\tdata-frame_1_mask=\"u:t;\"\n\t\t\t\t\t\t\t\tdata-frame_999=\"o:0;st:w;sR:7640;\"\n\t\t\t\t\t\t\t\tstyle=\"z-index:6;font-family:'Amiri';\"\n\t\t\t\t\t\t\t>HISTOIRE \n\t\t\t\t\t\t\t<\/h1><!--\n-->\t\t\t\t\t\t<\/rs-slide>\n\t\t\t\t\t<\/rs-slides>\n\t\t\t\t<\/rs-module>\n\t\t\t\t<script>\n\t\t\t\t\tsetREVStartSize({c: 'rev_slider_28_1',rl:[1240,1240,1240,480],el:[740,740,740,720],gw:[1240,1240,1240,480],gh:[740,740,740,720],type:'standard',justify:'',layout:'fullwidth',mh:\"500\"});if (window.RS_MODULES!==undefined && window.RS_MODULES.modules!==undefined && window.RS_MODULES.modules[\"revslider281\"]!==undefined) {window.RS_MODULES.modules[\"revslider281\"].once = false;window.revapi28 = undefined;if (window.RS_MODULES.checkMinimal!==undefined) window.RS_MODULES.checkMinimal()}\n\t\t\t\t<\/script>\n\t\t\t<\/rs-module-wrap>\n\t\t\t<!-- END REVOLUTION SLIDER -->\n[\/vc_column][\/vc_row][vc_row margin_top=\u00a0\u00bb160&Prime; margin_bottom=\u00a0\u00bb160&Prime;][vc_column width=\u00a0\u00bb1\/12&Prime; padding_right=\u00a0\u00bb50&Prime; padding_left=\u00a0\u00bb50&Prime;][\/vc_column][vc_column width=\u00a0\u00bb10\/12&Prime;][vc_column_text margin_bottom_mobile=\u00a0\u00bb0&Prime; padding_bottom_mobile=\u00a0\u00bb0&Prime; animation=\u00a0\u00bb1&Prime; el_class=\u00a0\u00bbbox_text text-uppercase\u00a0\u00bb]<\/p>\n<p style=\"text-align: center;\">Fond\u00e9e en 1980 dans la r\u00e9gion des Marches, Samuel Accoppiatura Sartoriale est une entreprise sp\u00e9cialis\u00e9e dans l\u2019art raffin\u00e9 du contrecollage sur mesure.<br \/>\nAvec plus de 40 ans d\u2019exp\u00e9rience, nous nous sommes distingu\u00e9s dans le domaine du contrecollage du cuir, du similicuir et de tissus de haute qualit\u00e9 destin\u00e9s \u00e0 une large gamme de secteurs : habillement, maroquinerie, chaussure, ameublement, nautisme et automobile.<\/p>\n<p>[\/vc_column_text][\/vc_column][vc_column width=\u00a0\u00bb1\/12&Prime;][\/vc_column][\/vc_row][vc_row bg_color=\u00a0\u00bb#ebebeb\u00a0\u00bb padding_top=\u00a0\u00bb100px\u00a0\u00bb el_id=\u00a0\u00bblast-section\u00a0\u00bb][vc_column][vc_column_text]<\/p>\n<h3 style=\"text-align: center; line-height: 36px;\">\u00ab Cette entreprise a \u00e9t\u00e9 fond\u00e9e par mes parents. Ici, depuis mon enfance, j\u2019ai grandi dans cet univers. Les parfums du cuir, ceux des colles, le rythme des machines en marche, les savoir-faire artisanaux transmis de main en main\u2026 \u00bb<\/h3>\n<p>[\/vc_column_text][\/vc_column][\/vc_row][vc_row bg_color=\u00a0\u00bb#ebebeb\u00a0\u00bb padding_top=\u00a0\u00bb70px\u00a0\u00bb][vc_column width=\u00a0\u00bb2\/6&Prime;][vc_single_image image=\u00a0\u00bb5245&Prime; img_size=\u00a0\u00bbfull\u00a0\u00bb][\/vc_column][vc_column width=\u00a0\u00bb4\/6&Prime;][vc_column_text margin_bottom_mobile=\u00a0\u00bb0&Prime; padding_bottom_mobile=\u00a0\u00bb0&Prime; animation=\u00a0\u00bb1&Prime; el_class=\u00a0\u00bbbox_text\u00a0\u00bb]<\/p>\n<p style=\"text-align: left;\">J\u2019ai toujours cru que les passions profondes \u00e9taient celles capables de changer la vie des gens et, par cons\u00e9quent, de changer le monde. Et parmi les nombreuses que j\u2019avais \u2014 et que j\u2019ai encore \u2014 il y en avait une immense : la m\u00e9decine.<br \/>\nJ\u2019ai entrepris mes \u00e9tudes anim\u00e9 par une soif de connaissance, cette curiosit\u00e9 pour le savoir qui ne m\u2019a jamais quitt\u00e9. \u00c0 26 ans, tout juste dipl\u00f4m\u00e9, j\u2019ai commenc\u00e9 \u00e0 travailler comme m\u00e9decin, mais je me suis rapidement trouv\u00e9 face \u00e0 un choix d\u00e9cisif.<br \/>\nMes parents souhaitaient partir \u00e0 la retraite, et il semblait que personne ne pouvait reprendre le flambeau d\u2019une entreprise artisanale dot\u00e9e d\u2019une grande tradition et d\u2019une longue histoire.<br \/>\nSoudain, les souvenirs ont envahi mon esprit : les apr\u00e8s-midis pass\u00e9s \u00e0 \u00e9tudier, mes livres et mes crayons \u00e9tal\u00e9s sur une mer de cuirs servant de bureau ; la concentration cherchant, tel un funambule, un nouvel \u00e9quilibre entre le bruit des machines et le brouhaha du travail ; les jeux d\u2019enfant entre les rouleaux de cuir et les outils qu\u2019il ne fallait pas toucher, mais qui devenaient les \u00e9l\u00e9ments essentiels de mes histoires imaginaires.<br \/>\nUn monde de savoir-faire qui aurait \u00e9t\u00e9 perdu, conserv\u00e9 seulement dans mes souvenirs d\u2019enfant.<br \/>\nC\u2019est la passion qui m\u2019a de nouveau guid\u00e9 vers une d\u00e9cision presque subversive : j\u2019ai choisi d\u2019abandonner la m\u00e9decine \u2014 un amour que je continue \u00e0 cultiver par plaisir, en lisant, en \u00e9tudiant, en r\u00e9fl\u00e9chissant \u2014 pour prendre la t\u00eate de cette petite entreprise artisanale.<\/p>\n<p>[\/vc_column_text][\/vc_column][\/vc_row][vc_row bg_color=\u00a0\u00bb#ebebeb\u00a0\u00bb padding_top=\u00a0\u00bb70px\u00a0\u00bb][vc_column width=\u00a0\u00bb2\/6&Prime;][vc_column_text animation=\u00a0\u00bb1&Prime;]<\/p>\n<h3 style=\"line-height: 36px;\">\u00ab Je ressentais le besoin de transformer la petite r\u00e9alit\u00e9 artisanale que j\u2019avais entre les mains en une entreprise plus grande\u2026 capable d\u2019innover et de relever de nouveaux d\u00e9fis. \u00bb<\/h3>\n<p>[\/vc_column_text][\/vc_column][vc_column width=\u00a0\u00bb4\/6&Prime;][vc_column_text margin_bottom_mobile=\u00a0\u00bb0&Prime; padding_bottom_mobile=\u00a0\u00bb0&Prime; animation=\u00a0\u00bb1&Prime; el_class=\u00a0\u00bbbox_text\u00a0\u00bb]Les ann\u00e9es de crise ne tard\u00e8rent pas \u00e0 se manifester. J\u2019ai vite compris qu\u2019il \u00e9tait temps d\u2019amorcer une \u00e9volution. Je ressentais la n\u00e9cessit\u00e9 de transformer la petite r\u00e9alit\u00e9 artisanale que j\u2019avais entre les mains en une entreprise plus grande, dot\u00e9e d\u2019un parc machines important, d\u2019un personnel plus nombreux et surtout capable d\u2019innover et de relever de nouveaux d\u00e9fis.<br \/>\nEn 2018 est n\u00e9 Samuel Lab, un laboratoire interne capable de produire des adh\u00e9sifs certifi\u00e9s, une ressource essentielle pour collaborer avec de grandes marques et r\u00e9pondre \u00e0 leurs besoins sp\u00e9cifiques. Les horizons s\u2019\u00e9largissent soudainement.<br \/>\nDes entreprises nationales et internationales commencent \u00e0 se tourner vers nous, \u00e0 la recherche de solutions sur mesure pour leurs projets dans les domaines de la mode, de l\u2019automobile, du nautisme et du design.<br \/>\nCe saut entrepreneurial s\u2019accompagne d\u2019un autre, tout aussi n\u00e9cessaire : celui visant \u00e0 am\u00e9liorer la vie de tous les membres de l\u2019\u00e9quipe. L\u2019environnement de travail \u00e9volue, tout comme l\u2019attention que je lui accorde. Guid\u00e9 par ma passion pour la technologie, je choisis de recourir \u00e0 la domotique pour automatiser les processus, afin de rendre le travail plus fluide, s\u00fbr, productif et gratifiant.<br \/>\nJe d\u00e9cide \u00e9galement de faire d\u00e9velopper un logiciel de gestion sur mesure, capable de tracer l\u2019ensemble de la cha\u00eene de production \u2014 de la mati\u00e8re premi\u00e8re au lot final \u2014 en incluant les traitements effectu\u00e9s et les adh\u00e9sifs utilis\u00e9s.<br \/>\n[\/vc_column_text][\/vc_column][\/vc_row][vc_row bg_color=\u00a0\u00bb#ebebeb\u00a0\u00bb padding_top=\u00a0\u00bb70px\u00a0\u00bb padding_bottom=\u00a0\u00bb150px\u00a0\u00bb][vc_column width=\u00a0\u00bb2\/6&Prime;][vc_column_text animation=\u00a0\u00bb1&Prime;]<\/p>\n<h3 style=\"line-height: 36px;\">L\u2019amore per la natura, mi porta a ragionare green e con un impianto fotovoltaico a tetto, produciamo tutta l\u2019energia che ci serve per le lavorazioni.<\/h3>\n<p>[\/vc_column_text][\/vc_column][vc_column width=\u00a0\u00bb4\/6&Prime;][vc_column_text margin_bottom_mobile=\u00a0\u00bb0&Prime; padding_bottom_mobile=\u00a0\u00bb0&Prime; animation=\u00a0\u00bb1&Prime; el_class=\u00a0\u00bbbox_text\u00a0\u00bb]Gr\u00e2ce \u00e0 un syst\u00e8me de traitement et de recyclage des d\u00e9chets de production, nous contribuons au respect de l\u2019environnement, tandis que les installations de purification de l\u2019air et de ventilation m\u00e9canique contr\u00f4l\u00e9e maintiennent un espace de travail sain et agr\u00e9able.<br \/>\nSi je regarde en arri\u00e8re, je vois que la passion qui animait cet enfant, puis ce jeune dipl\u00f4m\u00e9, a grandi avec moi. Elle s\u2019est transform\u00e9e comme seule une \u00e9nergie positive sait le faire. Elle a g\u00e9n\u00e9r\u00e9 \u2014 et continue \u00e0 le faire \u2014 sans jamais s\u2019\u00e9puiser.<br \/>\nVous savez ce qui permet de surmonter les peurs ? Le plaisir de d\u00e9couvrir ce qu\u2019il y a derri\u00e8re, et de projeter ses r\u00eaves en avant, guid\u00e9 par cet \u00e9lan, ce d\u00e9sir que l\u2019on \u00e9prouve pour tout ce qui fait battre le c\u0153ur. [\/vc_column_text][\/vc_column][\/vc_row][vc_row fullwidth=\u00a0\u00bbhas-fullwidth-column\u00a0\u00bb bg_choice=\u00a0\u00bb2&Prime; bg_image=\u00a0\u00bb3449&Prime; padding_top=\u00a0\u00bb100px\u00a0\u00bb padding_bottom=\u00a0\u00bb100px\u00a0\u00bb el_id=\u00a0\u00bbten-section\u00a0\u00bb][vc_column width=\u00a0\u00bb1\/3&Prime;][\/vc_column][vc_column width=\u00a0\u00bb1\/3&Prime;][vc_column_text]<\/p>\n<h2 style=\"text-align: center; text-transform: uppercase; color: #d8d8d8;\"><strong>L\u00c0 O\u00d9 LES AUTRES VOIENT DES OBSTACLES, NOUS D\u00c9COUVRONS DES SOLUTIONS.<\/strong><\/h2>\n<p style=\"text-align: center; color: #d8d8d8;\">Nous analyserons la faisabilit\u00e9 de votre projet et vous fournirons un prototype. Les d\u00e9fis font partie de notre ADN.<\/p>\n<p>[\/vc_column_text]\n<div class=\"wpcf7 no-js\" id=\"wpcf7-f5165-o1\" lang=\"it-IT\" dir=\"ltr\" data-wpcf7-id=\"5165\">\n<div class=\"screen-reader-response\"><p role=\"status\" aria-live=\"polite\" aria-atomic=\"true\"><\/p> <ul><\/ul><\/div>\n<form action=\"\/fr\/wp-json\/wp\/v2\/pages\/5242#wpcf7-f5165-o1\" method=\"post\" class=\"wpcf7-form init\" aria-label=\"Modulo di contatto\" novalidate=\"novalidate\" data-status=\"init\">\n<fieldset class=\"hidden-fields-container\"><input type=\"hidden\" name=\"_wpcf7\" value=\"5165\" \/><input type=\"hidden\" name=\"_wpcf7_version\" value=\"6.1.5\" \/><input type=\"hidden\" name=\"_wpcf7_locale\" value=\"it_IT\" \/><input type=\"hidden\" name=\"_wpcf7_unit_tag\" value=\"wpcf7-f5165-o1\" \/><input type=\"hidden\" name=\"_wpcf7_container_post\" value=\"0\" \/><input type=\"hidden\" name=\"_wpcf7_posted_data_hash\" value=\"\" \/>\n<\/fieldset>\n<p><label class=\"color\"><span class=\"wpcf7-form-control-wrap\" data-name=\"your-name\"><input size=\"40\" maxlength=\"400\" class=\"wpcf7-form-control wpcf7-text wpcf7-validates-as-required\" aria-required=\"true\" aria-invalid=\"false\" placeholder=\"nom\" value=\"\" type=\"text\" name=\"your-name\" \/><\/span> <\/label>\n<\/p>\n<p><label class=\"color\"><span class=\"wpcf7-form-control-wrap\" data-name=\"your-email\"><input size=\"40\" maxlength=\"400\" class=\"wpcf7-form-control wpcf7-email wpcf7-validates-as-required wpcf7-text wpcf7-validates-as-email\" aria-required=\"true\" aria-invalid=\"false\" placeholder=\"email\" value=\"\" type=\"email\" name=\"your-email\" \/><\/span> <\/label>\n<\/p>\n<p><label class=\"color\"><span class=\"wpcf7-form-control-wrap\" data-name=\"tel-475\"><input size=\"40\" maxlength=\"400\" class=\"wpcf7-form-control wpcf7-tel wpcf7-validates-as-required wpcf7-text wpcf7-validates-as-tel\" aria-required=\"true\" aria-invalid=\"false\" placeholder=\"t\u00e9l\u00e9phone\" value=\"\" type=\"tel\" name=\"tel-475\" \/><\/span> <\/label>\n<\/p>\n<div style=\"display:inline-block; width:53%;vertical-align:top; margin-top:6px;\">\n\t<p><input class=\"wpcf7-form-control wpcf7-submit has-spinner\" type=\"submit\" value=\"ENVOYER\" \/>\n\t<\/p>\n<\/div>\n<div style=\"font-size:11px; color:#fff; font-family:helvetica, sans-serif; line-height:12px; margin-bottom:20px;\">\n\t<p><span class=\"wpcf7-form-control-wrap\" data-name=\"acceptance-768\"><span class=\"wpcf7-form-control wpcf7-acceptance\"><span class=\"wpcf7-list-item\"><input type=\"checkbox\" name=\"acceptance-768\" value=\"1\" aria-invalid=\"false\" \/><\/span><\/span><\/span>L\u2019utilisateur d\u00e9clare donner son autorisation expresse au traitement de ses donn\u00e9es personnelles conform\u00e9ment \u00e0 la<a href=\"https:\/\/accoppiaturasamuel.com\/it\/informativa\" target=\"_blank\" style=\"text-decoration:underline;\">Politique de confidentialit\u00e9<\/a>\n\t<\/p>\n<\/div><p style=\"display: none !important;\" class=\"akismet-fields-container\" data-prefix=\"_wpcf7_ak_\"><label>&#916;<textarea name=\"_wpcf7_ak_hp_textarea\" cols=\"45\" rows=\"8\" maxlength=\"100\"><\/textarea><\/label><input type=\"hidden\" id=\"ak_js_1\" name=\"_wpcf7_ak_js\" value=\"203\"\/><script>document.getElementById( \"ak_js_1\" ).setAttribute( \"value\", ( new Date() ).getTime() );<\/script><\/p><div class=\"wpcf7-response-output\" aria-hidden=\"true\"><\/div>\n<\/form>\n<\/div>\n[\/vc_column][vc_column width=\u00a0\u00bb1\/3&Prime;][\/vc_column][\/vc_row]<\/p>\n<\/section>","protected":false},"excerpt":{"rendered":"<p>[vc_row fullwidth=\u00a0\u00bbhas-fullwidth-column-no-padding\u00a0\u00bb bg_color=\u00a0\u00bb#313647&Prime; el_id=\u00a0\u00bbbg-slide\u00a0\u00bb][vc_column offset=\u00a0\u00bbvc_hidden-lg vc_hidden-md vc_hidden-sm vc_hidden-xs\u00a0\u00bb][\/vc_column][\/vc_row][vc_row fullwidth=\u00a0\u00bbhas-fullwidth-column-no-padding\u00a0\u00bb bg_choice=\u00a0\u00bb2&Prime; el_class=\u00a0\u00bbslide\u00a0\u00bb el_id=\u00a0\u00bbfirst-section\u00a0\u00bb][vc_column][\/vc_column][\/vc_row][vc_row margin_top=\u00a0\u00bb160&Prime; margin_bottom=\u00a0\u00bb160&Prime;][vc_column width=\u00a0\u00bb1\/12&Prime; padding_right=\u00a0\u00bb50&Prime; padding_left=\u00a0\u00bb50&Prime;][\/vc_column][vc_column width=\u00a0\u00bb10\/12&Prime;][vc_column_text margin_bottom_mobile=\u00a0\u00bb0&Prime; padding_bottom_mobile=\u00a0\u00bb0&Prime; animation=\u00a0\u00bb1&Prime; el_class=\u00a0\u00bbbox_text text-uppercase\u00a0\u00bb] Fond\u00e9e en 1980 dans la r\u00e9gion des Marches, Samuel Accoppiatura Sartoriale est une entreprise sp\u00e9cialis\u00e9e dans l\u2019art raffin\u00e9 du contrecollage sur mesure. Avec plus de 40 ans d\u2019exp\u00e9rience, nous nous sommes distingu\u00e9s [&hellip;]<\/p>\n","protected":false},"author":1,"featured_media":0,"parent":0,"menu_order":0,"comment_status":"closed","ping_status":"closed","template":"","meta":{"footnotes":""},"class_list":["post-5242","page","type-page","status-publish","hentry"],"_links":{"self":[{"href":"https:\/\/accoppiaturasamuel.com\/fr\/wp-json\/wp\/v2\/pages\/5242","targetHints":{"allow":["GET"]}}],"collection":[{"href":"https:\/\/accoppiaturasamuel.com\/fr\/wp-json\/wp\/v2\/pages"}],"about":[{"href":"https:\/\/accoppiaturasamuel.com\/fr\/wp-json\/wp\/v2\/types\/page"}],"author":[{"embeddable":true,"href":"https:\/\/accoppiaturasamuel.com\/fr\/wp-json\/wp\/v2\/users\/1"}],"replies":[{"embeddable":true,"href":"https:\/\/accoppiaturasamuel.com\/fr\/wp-json\/wp\/v2\/comments?post=5242"}],"version-history":[{"count":6,"href":"https:\/\/accoppiaturasamuel.com\/fr\/wp-json\/wp\/v2\/pages\/5242\/revisions"}],"predecessor-version":[{"id":5263,"href":"https:\/\/accoppiaturasamuel.com\/fr\/wp-json\/wp\/v2\/pages\/5242\/revisions\/5263"}],"wp:attachment":[{"href":"https:\/\/accoppiaturasamuel.com\/fr\/wp-json\/wp\/v2\/media?parent=5242"}],"curies":[{"name":"wp","href":"https:\/\/api.w.org\/{rel}","templated":true}]}}